{"id":864,"date":"2025-03-03T11:35:32","date_gmt":"2025-03-03T10:35:32","guid":{"rendered":"https:\/\/courses.proyectoespanol.com\/producto\/nuevo-curso-de-larga-duracion-en-alicante-%c2%b7-20h-fr\/"},"modified":"2026-04-24T13:18:14","modified_gmt":"2026-04-24T11:18:14","slug":"curso-espanol-progresivo-alicante-20h","status":"publish","type":"product","link":"https:\/\/courses.proyectoespanol.com\/fr\/curso-espanol-progresivo-alicante-20h\/","title":{"rendered":"Cours intensif de longue dur\u00e9e \u00e0 Alicante \u00b7 20h"},"content":{"rendered":"<p>Ce cours est orient\u00e9 autant sur la <strong>pratique th\u00e9orique des concepts grammaticaux<\/strong>, du <strong>vocabulaire<\/strong> et <strong>des fonctions communicatives<\/strong> qu\u2019\u00e0 l\u2019<strong>interaction orale<\/strong>, la <strong>conversation<\/strong> et les aspects culturels d\u2019un point de vue communicatif.<\/p>\n<p>\u2714 L&#8217;option la plus \u00e9conomique.<br data-start=\"30\" data-end=\"33\" \/>\u2714 Id\u00e9al pour les demandes de visa.<br data-start=\"67\" data-end=\"70\" \/>\u2714 Pour ceux qui recherchent un apprentissage progressif \u00e0 un rythme confortable.<\/p>\n<p>Le cours longue dur\u00e9e est adapt\u00e9 aux besoins d\u2019un \u00e9tudiant souhaitant un s\u00e9jour long et offre une r\u00e9duction. La dur\u00e9e minimum est de 20 semaines et r\u00e9pond aux exigences pour l&#8217;obtention du <strong>visa \u00e9tudiant<\/strong> ou du <strong>titre de s\u00e9jour pour \u00e9tudes<\/strong>.<\/p>\n<p data-start=\"335\" data-end=\"358\"><em><strong>Le Prix:<\/strong><\/em><\/p>\n<p>Demi-ann\u00e9e : <em>2 040<\/em>\u20ac &#8211; 1 an : 3 660\u20ac<\/p>\n<p data-start=\"354\" data-end=\"376\"><strong data-start=\"354\" data-end=\"374\">Dates de d\u00e9but :<\/strong><\/p>\n<ul data-start=\"377\" data-end=\"480\">\n<li data-start=\"377\" data-end=\"431\">Niveau d\u00e9butant absolu:<\/li>\n<\/ul>\n<p>2026 &#8211; 12 janvier, 2 mars, 4 mai, 6 juillet, 5 octobre.<\/p>\n<p>2027 &#8211; 11 janvier, 1er mars, 17 mai, 12 juillet et 4 octobre.<\/p>\n<ul data-start=\"377\" data-end=\"480\">\n<li data-start=\"432\" data-end=\"480\">Autres niveaux jusqu&#8217;\u00e0 B1 : Tous les lundis.<\/li>\n<\/ul>\n<p data-start=\"482\" data-end=\"514\" data-is-last-node=\"\" data-is-only-node=\"\"><strong data-start=\"482\" data-end=\"514\" data-is-last-node=\"\">Informations suppl\u00e9mentaires<\/strong><\/p>\n<p data-start=\"482\" data-end=\"514\" data-is-last-node=\"\" data-is-only-node=\"\">Pour r\u00e9server une ann\u00e9e de cours, vous devez s\u00e9lectionner 44 semaines de cours. Pour r\u00e9server un semestre, vous devez s\u00e9lectionner 22 semaines de cours.<\/p>\n<h3 data-start=\"482\" data-end=\"514\">Veuillez noter que le niveau d\u00e9butant absolu est uniquement disponible aux dates suivantes :<br data-start=\"340\" data-end=\"343\" \/>En 2026 : 12 janvier, 2 mars, 4 mai, 6 juillet et 5 octobre.<br data-start=\"403\" data-end=\"406\" \/>En 2027 : 11 janvier, 1er mars, 17 mai, 12 juillet et 4 octobre.<\/h3>\n","protected":false},"excerpt":{"rendered":"<p>Ce cours est orient\u00e9 autant sur la pratique th\u00e9orique des concepts grammaticaux, du vocabulaire et des fonctions communicatives qu\u2019\u00e0 l\u2019interaction orale, la conversation et les aspects culturels d\u2019un point de vue communicatif. \u2714 L&#8217;option la plus \u00e9conomique.\u2714 Id\u00e9al pour les demandes de visa.\u2714 Pour ceux qui recherchent un apprentissage progressif \u00e0 un rythme confortable. Le [&hellip;]<\/p>\n","protected":false},"featured_media":0,"comment_status":"open","ping_status":"closed","template":"","meta":{"_acf_changed":false},"product_brand":[],"product_cat":[93,106],"product_tag":[153],"class_list":{"0":"post-864","1":"product","2":"type-product","3":"status-publish","5":"product_cat-alicante-fr","6":"product_cat-cours","7":"product_tag-visa-fr","9":"first","10":"instock","11":"shipping-taxable","12":"purchasable","13":"product-type-simple"},"acf":[],"_links":{"self":[{"href":"https:\/\/courses.proyectoespanol.com\/fr\/wp-json\/wp\/v2\/product\/864","targetHints":{"allow":["GET"]}}],"collection":[{"href":"https:\/\/courses.proyectoespanol.com\/fr\/wp-json\/wp\/v2\/product"}],"about":[{"href":"https:\/\/courses.proyectoespanol.com\/fr\/wp-json\/wp\/v2\/types\/product"}],"replies":[{"embeddable":true,"href":"https:\/\/courses.proyectoespanol.com\/fr\/wp-json\/wp\/v2\/comments?post=864"}],"wp:attachment":[{"href":"https:\/\/courses.proyectoespanol.com\/fr\/wp-json\/wp\/v2\/media?parent=864"}],"wp:term":[{"taxonomy":"product_brand","embeddable":true,"href":"https:\/\/courses.proyectoespanol.com\/fr\/wp-json\/wp\/v2\/product_brand?post=864"},{"taxonomy":"product_cat","embeddable":true,"href":"https:\/\/courses.proyectoespanol.com\/fr\/wp-json\/wp\/v2\/product_cat?post=864"},{"taxonomy":"product_tag","embeddable":true,"href":"https:\/\/courses.proyectoespanol.com\/fr\/wp-json\/wp\/v2\/product_tag?post=864"}],"curies":[{"name":"wp","href":"https:\/\/api.w.org\/{rel}","templated":true}]}}